{"id":71,"date":"2022-07-15T14:18:00","date_gmt":"2022-07-15T14:18:00","guid":{"rendered":"http:\/\/jessica.local\/?page_id=71"},"modified":"2024-08-26T08:33:12","modified_gmt":"2024-08-26T06:33:12","slug":"das-team","status":"publish","type":"page","link":"https:\/\/www.physiopilates-schaem.de\/?page_id=71","title":{"rendered":"Das Team"},"content":{"rendered":"\n<h1>\n\t\tDas Team\n\t<\/h1>\n\t\t\t\t<img loading=\"lazy\" decoding=\"async\" src=\"https:\/\/www.physiopilates-schaem.de\/wp-content\/uploads\/bb-plugin\/cache\/jessica-pfp-820x1024-portrait-d9247983c3355afe40f743f7e26cdf0b-.jpg\" alt=\"Jessica Schaem\" itemprop=\"image\" height=\"1024\" width=\"820\" title=\"jessica pfp\" onerror=\"this.style.display='none'\"  \/>\n<!-- .labb-social-list --><!-- .labb-social-wrap --><!-- .labb-image-wrapper --><h3>Jessica Sch\u00e4m<\/h3><p>Physiotherapeutin, Fachwirtin im Gesundheits -und Sozialwesen, Sektorale Heilpraktikerin in Physiotherapie<\/p>\n30 Jahre Berufserfahrung<br \/>\nMeine Fachgebiete sind klassisches Pilates, Kiefergelenkstherapie, Bobath, Shiatsu-Akupressur, Progressive Muskel Relaxation und Faszientherapie, Ohr Akupressur\n<!-- .labb-team-member-text --><!-- .labb-team-member --><!-- .labb-team-member-wrapper -->\n\t\t\t\t<img loading=\"lazy\" decoding=\"async\" src=\"https:\/\/www.physiopilates-schaem.de\/wp-content\/uploads\/bb-plugin\/cache\/untitled-shoot-008-1-769x1024-portrait-ea8c04568208ab3dfc9b508c3bc76aac-.jpg\" alt=\"untitled shoot-008\" itemprop=\"image\" height=\"1024\" width=\"769\" title=\"untitled shoot-008\" onerror=\"this.style.display='none'\"  \/>\n<!-- .labb-social-list --><!-- .labb-social-wrap --><!-- .labb-image-wrapper --><h3>Denise Friedrich<\/h3><p>Physiotherapeutin<\/p>\n15 Jahre Berufserfahrung<br \/>\nMeine Fachgebiete sind manuelle Therapie, Lymphdrainage und Bobath<br \/>\nPrivat bin ich gerne im Garten und besch\u00e4ftige mich mit meiner Familie\n<!-- .labb-team-member-text --><!-- .labb-team-member --><!-- .labb-team-member-wrapper -->\n\t\t\t\t<img loading=\"lazy\" decoding=\"async\" src=\"https:\/\/www.physiopilates-schaem.de\/wp-content\/uploads\/bb-plugin\/cache\/untitled-shoot-007-778x1024-portrait-f474ae2cb6906aef6bf88fca674fd20f-.jpg\" alt=\"untitled shoot-007\" itemprop=\"image\" height=\"1024\" width=\"778\" title=\"untitled shoot-007\" onerror=\"this.style.display='none'\"  \/>\n<!-- .labb-social-list --><!-- .labb-social-wrap --><!-- .labb-image-wrapper --><h3>Heike Nowroka<\/h3><p>Physiotherapeutin<\/p>\n19 Jahre Berufserfahrung<br \/>\nMeine Fachgebiete sind Trigger &#038; Faszientherapie<br \/>\nPrivat bin ich oft im Garten und begeistere mich f\u00fcr meinen Hund und Katze.\n<!-- .labb-team-member-text --><!-- .labb-team-member --><!-- .labb-team-member-wrapper -->\n\t\t\t\t<img loading=\"lazy\" decoding=\"async\" src=\"https:\/\/www.physiopilates-schaem.de\/wp-content\/uploads\/bb-plugin\/cache\/heide-001-1-768x1024-portrait-16ae08c65c9754b464b0af81bd3f1cd0-.jpg\" alt=\"Denise\" itemprop=\"image\" height=\"1024\" width=\"768\" title=\"Denise new2\" onerror=\"this.style.display='none'\"  \/>\n<!-- .labb-social-list --><!-- .labb-social-wrap --><!-- .labb-image-wrapper --><h3>Denise Schl\u00fcter<\/h3><p>Empfangskraft<\/p>\nMein Fachgebiet ist Sie mit einem guten Gef\u00fchl bei uns ankommen zu lassen<br \/>\nPrivat lasse ich mir gerne den Ostseewind um die Ohren wehen\n<!-- .labb-team-member-text --><!-- .labb-team-member --><!-- .labb-team-member-wrapper --><!-- .labb-team-members -->\n\t\t\t\t<img loading=\"lazy\" decoding=\"async\" src=\"https:\/\/www.physiopilates-schaem.de\/wp-content\/uploads\/2022\/10\/heide-004.jpg\" alt=\"Das Team\" itemprop=\"image\" height=\"1451\" width=\"2000\" title=\"Teamfoto\" onerror=\"this.style.display='none'\"  \/>\n<h2>\n\t\t\u00dcber uns\n\t<\/h2>\n\t<p>Wir sind eine Praxis, die Ihnen das gro\u00dfe Leistungsspektrum einer modernen Physiotherapiepraxis bietet und diese mit Klassischem Pilates kombiniert.<\/p>\n<p>Selbstverst\u00e4ndlich gehen wir jeweils individuell auf Ihre Krankheitsbilder und Beschwerden ein und unterst\u00fctzen Sie darin, mit Ihrem K\u00f6rper so umzugehen, dass Sie lange von ihm gut haben.<\/p>\n<p>Einzeln, in Workshops oder Gruppen (Pr\u00e4senz und Online) k\u00f6nnen Sie bei uns lernen, Ihren K\u00f6rper neu wahrzunehmen, vielleicht auch fr\u00fcher auf Warnzeichen zu h\u00f6ren.<\/p>\n<p>Besondere Schwerpunkte unserer Arbeit:<\/p>\n<p>&#8211; medizinische Statikbefundung Ihres K\u00f6rpers und ein darauf abgestimmte\u00a0<strong>PILATES -TRAINING<\/strong>,<strong>\u00a0<\/strong><\/p>\n<p>&#8211;<strong>\u00a0MANUELLE THERAPIE\u00a0<\/strong>bei speziellen Gelenkproblemen und Blockaden<\/p>\n<p>&#8211; Behandlung des\u00a0<strong>KIEFERGELENKES, CMD- BEHANDLUNG<\/strong>\u00a0bei Schmerzen, n\u00e4chtlichem Z\u00e4hneknirschen und Nachtschienenversorgung.<\/p>\n\n","protected":false},"excerpt":{"rendered":"<p>Das Team Jessica Sch\u00e4m Physiotherapeutin, Fachwirtin im Gesundheits -und Sozialwesen, Sektorale Heilpraktikerin in Physiotherapie 30 Jahre Berufserfahrung Meine Fachgebiete sind klassisches Pilates, Kiefergelenkstherapie, Bobath, Shiatsu-Akupressur, Progressive Muskel Relaxation und Faszientherapie, Ohr Akupressur Denise Friedrich Physiotherapeutin 15 Jahre Berufserfahrung Meine Fachgebiete sind manuelle Therapie, Lymphdrainage und Bobath Privat bin ich gerne im Garten und besch\u00e4ftige mich [&hellip;]<\/p>\n","protected":false},"author":1,"featured_media":0,"parent":0,"menu_order":0,"comment_status":"closed","ping_status":"closed","template":"","meta":{"site-sidebar-layout":"no-sidebar","site-content-layout":"page-builder","ast-site-content-layout":"default","site-content-style":"default","site-sidebar-style":"default","ast-global-header-display":"","ast-banner-title-visibility":"","ast-main-header-display":"","ast-hfb-above-header-display":"","ast-hfb-below-header-display":"","ast-hfb-mobile-header-display":"","site-post-title":"disabled","ast-breadcrumbs-content":"","ast-featured-img":"disabled","footer-sml-layout":"","theme-transparent-header-meta":"","adv-header-id-meta":"","stick-header-meta":"","header-above-stick-meta":"","header-main-stick-meta":"","header-below-stick-meta":"","astra-migrate-meta-layouts":"default","ast-page-background-enabled":"default","ast-page-background-meta":{"desktop":{"background-color":"var(--ast-global-color-4)","background-image":"","background-repeat":"repeat","background-position":"center center","background-size":"auto","background-attachment":"scroll","background-type":"","background-media":"","overlay-type":"","overlay-color":"","overlay-opacity":"","overlay-gradient":""},"tablet":{"background-color":"","background-image":"","background-repeat":"repeat","background-position":"center center","background-size":"auto","background-attachment":"scroll","background-type":"","background-media":"","overlay-type":"","overlay-color":"","overlay-opacity":"","overlay-gradient":""},"mobile":{"background-color":"","background-image":"","background-repeat":"repeat","background-position":"center center","background-size":"auto","background-attachment":"scroll","background-type":"","background-media":"","overlay-type":"","overlay-color":"","overlay-opacity":"","overlay-gradient":""}},"ast-content-background-meta":{"desktop":{"background-color":"var(--ast-global-color-5)","background-image":"","background-repeat":"repeat","background-position":"center center","background-size":"auto","background-attachment":"scroll","background-type":"","background-media":"","overlay-type":"","overlay-color":"","overlay-opacity":"","overlay-gradient":""},"tablet":{"background-color":"var(--ast-global-color-5)","background-image":"","background-repeat":"repeat","background-position":"center center","background-size":"auto","background-attachment":"scroll","background-type":"","background-media":"","overlay-type":"","overlay-color":"","overlay-opacity":"","overlay-gradient":""},"mobile":{"background-color":"var(--ast-global-color-5)","background-image":"","background-repeat":"repeat","background-position":"center center","background-size":"auto","background-attachment":"scroll","background-type":"","background-media":"","overlay-type":"","overlay-color":"","overlay-opacity":"","overlay-gradient":""}},"footnotes":""},"class_list":["post-71","page","type-page","status-publish","hentry"],"yoast_head":"<!-- This site is optimized with the Yoast SEO plugin v25.6 - https:\/\/yoast.com\/wordpress\/plugins\/seo\/ -->\n<title>Das Team - Praxis f\u00fcr Physiotherapie | Pilates - Neum\u00fcnster<\/title>\n<meta name=\"description\" content=\"Praxis f\u00fcr Physiotherapie | Pilates Das Team - Lernen Sie uns kennen!\" \/>\n<meta name=\"robots\" content=\"noindex, follow\" \/>\n<meta property=\"og:locale\" content=\"de_DE\" \/>\n<meta property=\"og:type\" content=\"article\" \/>\n<meta property=\"og:title\" content=\"Das Team - Praxis f\u00fcr Physiotherapie | Pilates - Neum\u00fcnster\" \/>\n<meta property=\"og:description\" content=\"Praxis f\u00fcr Physiotherapie | Pilates Das Team - Lernen Sie uns kennen!\" \/>\n<meta property=\"og:url\" content=\"https:\/\/www.physiopilates-schaem.de\/?page_id=71\" \/>\n<meta property=\"og:site_name\" content=\"Praxis f\u00fcr Physiotherapie | Pilates\" \/>\n<meta property=\"article:modified_time\" content=\"2024-08-26T06:33:12+00:00\" \/>\n<meta property=\"og:image\" content=\"https:\/\/www.physiopilates-schaem.de\/wp-content\/uploads\/bb-plugin\/cache\/jessica-pfp-820x1024-portrait-d9247983c3355afe40f743f7e26cdf0b-.jpg\" \/>\n<meta name=\"twitter:card\" content=\"summary_large_image\" \/>\n<meta name=\"twitter:label1\" content=\"Gesch\u00e4tzte Lesezeit\" \/>\n\t<meta name=\"twitter:data1\" content=\"2\u00a0Minuten\" \/>\n<script type=\"application\/ld+json\" class=\"yoast-schema-graph\">{\"@context\":\"https:\/\/schema.org\",\"@graph\":[{\"@type\":\"WebPage\",\"@id\":\"https:\/\/www.physiopilates-schaem.de\/?page_id=71\",\"url\":\"https:\/\/www.physiopilates-schaem.de\/?page_id=71\",\"name\":\"Das Team - Praxis f\u00fcr Physiotherapie | Pilates - Neum\u00fcnster\",\"isPartOf\":{\"@id\":\"https:\/\/www.physiopilates-schaem.de\/#website\"},\"primaryImageOfPage\":{\"@id\":\"https:\/\/www.physiopilates-schaem.de\/?page_id=71#primaryimage\"},\"image\":{\"@id\":\"https:\/\/www.physiopilates-schaem.de\/?page_id=71#primaryimage\"},\"thumbnailUrl\":\"https:\/\/www.physiopilates-schaem.de\/wp-content\/uploads\/bb-plugin\/cache\/jessica-pfp-820x1024-portrait-d9247983c3355afe40f743f7e26cdf0b-.jpg\",\"datePublished\":\"2022-07-15T14:18:00+00:00\",\"dateModified\":\"2024-08-26T06:33:12+00:00\",\"description\":\"Praxis f\u00fcr Physiotherapie | Pilates Das Team - Lernen Sie uns kennen!\",\"breadcrumb\":{\"@id\":\"https:\/\/www.physiopilates-schaem.de\/?page_id=71#breadcrumb\"},\"inLanguage\":\"de\",\"potentialAction\":[{\"@type\":\"ReadAction\",\"target\":[\"https:\/\/www.physiopilates-schaem.de\/?page_id=71\"]}]},{\"@type\":\"ImageObject\",\"inLanguage\":\"de\",\"@id\":\"https:\/\/www.physiopilates-schaem.de\/?page_id=71#primaryimage\",\"url\":\"https:\/\/www.physiopilates-schaem.de\/wp-content\/uploads\/bb-plugin\/cache\/jessica-pfp-820x1024-portrait-d9247983c3355afe40f743f7e26cdf0b-.jpg\",\"contentUrl\":\"https:\/\/www.physiopilates-schaem.de\/wp-content\/uploads\/bb-plugin\/cache\/jessica-pfp-820x1024-portrait-d9247983c3355afe40f743f7e26cdf0b-.jpg\"},{\"@type\":\"BreadcrumbList\",\"@id\":\"https:\/\/www.physiopilates-schaem.de\/?page_id=71#breadcrumb\",\"itemListElement\":[{\"@type\":\"ListItem\",\"position\":1,\"name\":\"Startseite\",\"item\":\"https:\/\/www.physiopilates-schaem.de\/\"},{\"@type\":\"ListItem\",\"position\":2,\"name\":\"Das Team\"}]},{\"@type\":\"WebSite\",\"@id\":\"https:\/\/www.physiopilates-schaem.de\/#website\",\"url\":\"https:\/\/www.physiopilates-schaem.de\/\",\"name\":\"Praxis f\u00fcr Physiotherapie | Pilates\",\"description\":\"Wir sorgen f\u00fcr eine h\u00f6here Lebensqualit\u00e4t!\",\"publisher\":{\"@id\":\"https:\/\/www.physiopilates-schaem.de\/#\/schema\/person\/62f0d2a3ed7a448b61b43b1ea44f8475\"},\"potentialAction\":[{\"@type\":\"SearchAction\",\"target\":{\"@type\":\"EntryPoint\",\"urlTemplate\":\"https:\/\/www.physiopilates-schaem.de\/?s={search_term_string}\"},\"query-input\":{\"@type\":\"PropertyValueSpecification\",\"valueRequired\":true,\"valueName\":\"search_term_string\"}}],\"inLanguage\":\"de\"},{\"@type\":[\"Person\",\"Organization\"],\"@id\":\"https:\/\/www.physiopilates-schaem.de\/#\/schema\/person\/62f0d2a3ed7a448b61b43b1ea44f8475\",\"name\":\"Jessica Sch\u00e4m\",\"image\":{\"@type\":\"ImageObject\",\"inLanguage\":\"de\",\"@id\":\"https:\/\/www.physiopilates-schaem.de\/#\/schema\/person\/image\/\",\"url\":\"https:\/\/www.physiopilates-schaem.de\/wp-content\/uploads\/2022\/08\/jessica-060822-047-2-scaled.jpg\",\"contentUrl\":\"https:\/\/www.physiopilates-schaem.de\/wp-content\/uploads\/2022\/08\/jessica-060822-047-2-scaled.jpg\",\"width\":1922,\"height\":2560,\"caption\":\"Jessica Sch\u00e4m\"},\"logo\":{\"@id\":\"https:\/\/www.physiopilates-schaem.de\/#\/schema\/person\/image\/\"},\"sameAs\":[\"http:\/\/physiopilates-schaem.de\"]}]}<\/script>\n<!-- \/ Yoast SEO plugin. -->","yoast_head_json":{"title":"Das Team - Praxis f\u00fcr Physiotherapie | Pilates - Neum\u00fcnster","description":"Praxis f\u00fcr Physiotherapie | Pilates Das Team - Lernen Sie uns kennen!","robots":{"index":"noindex","follow":"follow"},"og_locale":"de_DE","og_type":"article","og_title":"Das Team - Praxis f\u00fcr Physiotherapie | Pilates - Neum\u00fcnster","og_description":"Praxis f\u00fcr Physiotherapie | Pilates Das Team - Lernen Sie uns kennen!","og_url":"https:\/\/www.physiopilates-schaem.de\/?page_id=71","og_site_name":"Praxis f\u00fcr Physiotherapie | Pilates","article_modified_time":"2024-08-26T06:33:12+00:00","og_image":[{"url":"https:\/\/www.physiopilates-schaem.de\/wp-content\/uploads\/bb-plugin\/cache\/jessica-pfp-820x1024-portrait-d9247983c3355afe40f743f7e26cdf0b-.jpg","type":"","width":"","height":""}],"twitter_card":"summary_large_image","twitter_misc":{"Gesch\u00e4tzte Lesezeit":"2\u00a0Minuten"},"schema":{"@context":"https:\/\/schema.org","@graph":[{"@type":"WebPage","@id":"https:\/\/www.physiopilates-schaem.de\/?page_id=71","url":"https:\/\/www.physiopilates-schaem.de\/?page_id=71","name":"Das Team - Praxis f\u00fcr Physiotherapie | Pilates - Neum\u00fcnster","isPartOf":{"@id":"https:\/\/www.physiopilates-schaem.de\/#website"},"primaryImageOfPage":{"@id":"https:\/\/www.physiopilates-schaem.de\/?page_id=71#primaryimage"},"image":{"@id":"https:\/\/www.physiopilates-schaem.de\/?page_id=71#primaryimage"},"thumbnailUrl":"https:\/\/www.physiopilates-schaem.de\/wp-content\/uploads\/bb-plugin\/cache\/jessica-pfp-820x1024-portrait-d9247983c3355afe40f743f7e26cdf0b-.jpg","datePublished":"2022-07-15T14:18:00+00:00","dateModified":"2024-08-26T06:33:12+00:00","description":"Praxis f\u00fcr Physiotherapie | Pilates Das Team - Lernen Sie uns kennen!","breadcrumb":{"@id":"https:\/\/www.physiopilates-schaem.de\/?page_id=71#breadcrumb"},"inLanguage":"de","potentialAction":[{"@type":"ReadAction","target":["https:\/\/www.physiopilates-schaem.de\/?page_id=71"]}]},{"@type":"ImageObject","inLanguage":"de","@id":"https:\/\/www.physiopilates-schaem.de\/?page_id=71#primaryimage","url":"https:\/\/www.physiopilates-schaem.de\/wp-content\/uploads\/bb-plugin\/cache\/jessica-pfp-820x1024-portrait-d9247983c3355afe40f743f7e26cdf0b-.jpg","contentUrl":"https:\/\/www.physiopilates-schaem.de\/wp-content\/uploads\/bb-plugin\/cache\/jessica-pfp-820x1024-portrait-d9247983c3355afe40f743f7e26cdf0b-.jpg"},{"@type":"BreadcrumbList","@id":"https:\/\/www.physiopilates-schaem.de\/?page_id=71#breadcrumb","itemListElement":[{"@type":"ListItem","position":1,"name":"Startseite","item":"https:\/\/www.physiopilates-schaem.de\/"},{"@type":"ListItem","position":2,"name":"Das Team"}]},{"@type":"WebSite","@id":"https:\/\/www.physiopilates-schaem.de\/#website","url":"https:\/\/www.physiopilates-schaem.de\/","name":"Praxis f\u00fcr Physiotherapie | Pilates","description":"Wir sorgen f\u00fcr eine h\u00f6here Lebensqualit\u00e4t!","publisher":{"@id":"https:\/\/www.physiopilates-schaem.de\/#\/schema\/person\/62f0d2a3ed7a448b61b43b1ea44f8475"},"potentialAction":[{"@type":"SearchAction","target":{"@type":"EntryPoint","urlTemplate":"https:\/\/www.physiopilates-schaem.de\/?s={search_term_string}"},"query-input":{"@type":"PropertyValueSpecification","valueRequired":true,"valueName":"search_term_string"}}],"inLanguage":"de"},{"@type":["Person","Organization"],"@id":"https:\/\/www.physiopilates-schaem.de\/#\/schema\/person\/62f0d2a3ed7a448b61b43b1ea44f8475","name":"Jessica Sch\u00e4m","image":{"@type":"ImageObject","inLanguage":"de","@id":"https:\/\/www.physiopilates-schaem.de\/#\/schema\/person\/image\/","url":"https:\/\/www.physiopilates-schaem.de\/wp-content\/uploads\/2022\/08\/jessica-060822-047-2-scaled.jpg","contentUrl":"https:\/\/www.physiopilates-schaem.de\/wp-content\/uploads\/2022\/08\/jessica-060822-047-2-scaled.jpg","width":1922,"height":2560,"caption":"Jessica Sch\u00e4m"},"logo":{"@id":"https:\/\/www.physiopilates-schaem.de\/#\/schema\/person\/image\/"},"sameAs":["http:\/\/physiopilates-schaem.de"]}]}},"_links":{"self":[{"href":"https:\/\/www.physiopilates-schaem.de\/index.php?rest_route=\/wp\/v2\/pages\/71","targetHints":{"allow":["GET"]}}],"collection":[{"href":"https:\/\/www.physiopilates-schaem.de\/index.php?rest_route=\/wp\/v2\/pages"}],"about":[{"href":"https:\/\/www.physiopilates-schaem.de\/index.php?rest_route=\/wp\/v2\/types\/page"}],"author":[{"embeddable":true,"href":"https:\/\/www.physiopilates-schaem.de\/index.php?rest_route=\/wp\/v2\/users\/1"}],"replies":[{"embeddable":true,"href":"https:\/\/www.physiopilates-schaem.de\/index.php?rest_route=%2Fwp%2Fv2%2Fcomments&post=71"}],"version-history":[{"count":28,"href":"https:\/\/www.physiopilates-schaem.de\/index.php?rest_route=\/wp\/v2\/pages\/71\/revisions"}],"predecessor-version":[{"id":618,"href":"https:\/\/www.physiopilates-schaem.de\/index.php?rest_route=\/wp\/v2\/pages\/71\/revisions\/618"}],"wp:attachment":[{"href":"https:\/\/www.physiopilates-schaem.de\/index.php?rest_route=%2Fwp%2Fv2%2Fmedia&parent=71"}],"curies":[{"name":"wp","href":"https:\/\/api.w.org\/{rel}","templated":true}]}}